{"id":52771,"date":"2023-04-14T09:23:24","date_gmt":"2023-04-14T08:23:24","guid":{"rendered":"https:\/\/www.belinka.com\/sl\/?post_type=reuporabi_sk&#038;p=52771"},"modified":"2023-04-14T09:23:40","modified_gmt":"2023-04-14T08:23:40","slug":"vyrobte-si-velkonocneho-zajacika-s-velkonocnym-vajickom-z-odpadoveho-dreva","status":"publish","type":"reuporabi_sk","link":"https:\/\/www.belinka.com\/sk\/reuporabi_sk\/vyrobte-si-velkonocneho-zajacika-s-velkonocnym-vajickom-z-odpadoveho-dreva\/","title":{"rendered":"Vyrobte si ve\u013ekono\u010dn\u00e9ho zaja\u010dika s ve\u013ekono\u010dn\u00fdm vaj\u00ed\u010dkom z odpadov\u00e9ho dreva"},"content":{"rendered":"\n<p><strong>Ve\u013ek\u00e1 Noc je u\u017e za rohom. Pre\u010do nevyu\u017ei\u0165 jednoduch\u00fd materi\u00e1l a z\u00e1kladn\u00e9 pom\u00f4cky na vytvorenie kr\u00e1snej a trv\u00e1cnej ozdoby, ktor\u00e1 vyk\u00fazli \u00fasmev na tv\u00e1ri va\u0161ej rodiny a host\u00ed \u2013 ve\u013ekono\u010dn\u00e9ho zaja\u010dika s ve\u013ekono\u010dn\u00fdm vaj\u00ed\u010dkom z odpadov\u00e9ho dreva. Tento dom\u00e1ci ve\u013ekono\u010dn\u00fd zaja\u010dik o\u017eiv\u00ed v\u00e1\u0161 sviato\u010dn\u00fd jed\u00e1lensk\u00fd st\u00f4l jedine\u010dn\u00fdm a d\u00f4myseln\u00fdm sp\u00f4sobom. U\u017eite si jeho v\u00fdrobu!<\/strong><\/p>\n\n\n\n<div style=\"height:30px\" aria-hidden=\"true\" class=\"wp-block-spacer\"><\/div>\n\n\n\n<figure class=\"wp-block-image size-full\"><img loading=\"lazy\" decoding=\"async\" width=\"750\" height=\"500\" src=\"https:\/\/www.belinka.com\/wp-content\/uploads\/2023\/03\/19_Easter-Bunny_750x500_0.jpg\" alt=\"\" class=\"wp-image-52266\" srcset=\"https:\/\/www.belinka.com\/wp-content\/uploads\/2023\/03\/19_Easter-Bunny_750x500_0.jpg 750w, https:\/\/www.belinka.com\/wp-content\/uploads\/2023\/03\/19_Easter-Bunny_750x500_0-300x200.jpg 300w\" sizes=\"auto, (max-width: 750px) 100vw, 750px\" \/><\/figure>\n\n\n\n<div style=\"height:30px\" aria-hidden=\"true\" class=\"wp-block-spacer\"><\/div>\n\n\n\n<h4 class=\"wp-block-heading\"><strong>Na v\u00fdrobu ve\u013ekono\u010dn\u00e9ho zaja\u010dika z\u00a0odpadov\u00e9ho dreva budete potrebova\u0165:<\/strong><\/h4>\n\n\n\n<div style=\"height:10px\" aria-hidden=\"true\" class=\"wp-block-spacer\"><\/div>\n\n\n\n<ul class=\"wp-block-list\">\n<li>odpadov\u00fa dreven\u00fa dosku,<\/li>\n\n\n\n<li>p\u00edlu na drevo,<\/li>\n\n\n\n<li>elektrick\u00fa v\u0155ta\u010dku a vrt\u00e1k na fr\u00e9zovanie dreva,<\/li>\n\n\n\n<li>br\u00fasny papier,<\/li>\n\n\n\n<li>handri\u010dku na utieranie ne\u010dist\u00f4t alebo \u0161tetec,<\/li>\n\n\n\n<li>ceruzku,<\/li>\n\n\n\n<li>papier,<\/li>\n\n\n\n<li>no\u017enice,<\/li>\n\n\n\n<li>tavn\u00fa lepiacu pi\u0161to\u013e a&nbsp;tavn\u00fa lepiacu n\u00e1pl\u0148,<\/li>\n\n\n\n<li>stuhu,<\/li>\n\n\n\n<li><a href=\"https:\/\/www.belinka.com\/sk\/vyrobky\/belinka-oil-food-contact\/\"><strong>Belinka Oil Food Contact<\/strong><\/a> olej, <a href=\"https:\/\/www.belinka.com\/sk\/vyrobky\/interier-lak-2\/\"><strong>Interier Lak<\/strong><\/a> na drevo pre prirodzen\u00fa povrchov\u00fa \u00fapravu alebo <a href=\"https:\/\/www.belinka.com\/sk\/vyrobky\/interier\/\"><strong>Belinka Interier<\/strong><\/a> laz\u00faru na drevo.<\/li>\n<\/ul>\n\n\n\n<div style=\"height:30px\" aria-hidden=\"true\" class=\"wp-block-spacer\"><\/div>\n\n\n\n<figure class=\"wp-block-image size-full\"><img loading=\"lazy\" decoding=\"async\" width=\"750\" height=\"500\" src=\"https:\/\/www.belinka.com\/wp-content\/uploads\/2023\/03\/19_Easter-Bunny_750x500_1.jpg\" alt=\"\" class=\"wp-image-52164\" srcset=\"https:\/\/www.belinka.com\/wp-content\/uploads\/2023\/03\/19_Easter-Bunny_750x500_1.jpg 750w, https:\/\/www.belinka.com\/wp-content\/uploads\/2023\/03\/19_Easter-Bunny_750x500_1-300x200.jpg 300w\" sizes=\"auto, (max-width: 750px) 100vw, 750px\" \/><\/figure>\n\n\n\n<div style=\"height:30px\" aria-hidden=\"true\" class=\"wp-block-spacer\"><\/div>\n\n\n\n<h4 class=\"wp-block-heading\"><strong>Sp\u00f4sob v\u00fdroby ve\u013ekono\u010dn\u00e9ho zaja\u010dika z odpadov\u00e9ho dreva:<\/strong><\/h4>\n\n\n\n<div style=\"height:10px\" aria-hidden=\"true\" class=\"wp-block-spacer\"><\/div>\n\n\n\n<p>Najprv skontrolujte dosku, ktor\u00e1 mus\u00ed by\u0165 such\u00e1 a bez ak\u00fdchko\u013evek \u0161kodcov. Drevo obr\u00faste hrub\u00fdm a potom jemn\u00fdm br\u00fasnym papierom, aby malo hladk\u00fd povrch. Predt\u00fdm, ako urob\u00edte \u010doko\u013evek in\u00e9, vy\u010distite ho.<\/p>\n\n\n\n<p>Na papier nakreslite zaja\u010dika a vystrihnite ho. Umiestnite v\u00fdrez na vrch dreva a obkreslite ho. Uistite sa, \u017ee zaja\u010dik zodpoved\u00e1 ve\u013ekosti va\u0161ej drevenej dosky.<\/p>\n\n\n\n<div style=\"height:30px\" aria-hidden=\"true\" class=\"wp-block-spacer\"><\/div>\n\n\n\n<figure class=\"wp-block-image size-full\"><img loading=\"lazy\" decoding=\"async\" width=\"750\" height=\"500\" src=\"https:\/\/www.belinka.com\/wp-content\/uploads\/2023\/03\/19_Easter-Bunny_750x500_2.jpg\" alt=\"\" class=\"wp-image-52181\" srcset=\"https:\/\/www.belinka.com\/wp-content\/uploads\/2023\/03\/19_Easter-Bunny_750x500_2.jpg 750w, https:\/\/www.belinka.com\/wp-content\/uploads\/2023\/03\/19_Easter-Bunny_750x500_2-300x200.jpg 300w\" sizes=\"auto, (max-width: 750px) 100vw, 750px\" \/><\/figure>\n\n\n\n<div style=\"height:30px\" aria-hidden=\"true\" class=\"wp-block-spacer\"><\/div>\n\n\n\n<p>Pri rezan\u00ed a br\u00fasen\u00ed dreva noste ochrann\u00e9 okuliare a masky proti prachu. Vystrihnite obkreslen\u00fd tvar p\u00edlkou na drevo. Nepon\u00e1h\u013eajte a postupujte pod\u013ea osnovy \u010do najpresnej\u0161ie. Okraje zaja\u010dika vybr\u00faste br\u00fasnym papierom, aby ste odstr\u00e1nili hrub\u00e9 \u010dastice dreva.<\/p>\n\n\n\n<div style=\"height:30px\" aria-hidden=\"true\" class=\"wp-block-spacer\"><\/div>\n\n\n\n<figure class=\"wp-block-image size-full\"><img loading=\"lazy\" decoding=\"async\" width=\"750\" height=\"500\" src=\"https:\/\/www.belinka.com\/wp-content\/uploads\/2023\/03\/19_Easter-Bunny_750x500_4.jpg\" alt=\"\" class=\"wp-image-52198\" srcset=\"https:\/\/www.belinka.com\/wp-content\/uploads\/2023\/03\/19_Easter-Bunny_750x500_4.jpg 750w, https:\/\/www.belinka.com\/wp-content\/uploads\/2023\/03\/19_Easter-Bunny_750x500_4-300x200.jpg 300w\" sizes=\"auto, (max-width: 750px) 100vw, 750px\" \/><\/figure>\n\n\n\n<div style=\"height:30px\" aria-hidden=\"true\" class=\"wp-block-spacer\"><\/div>\n\n\n\n<p>Teraz je \u010das urobi\u0165 otvor pre ve\u013ekono\u010dn\u00e9 vaj\u00ed\u010dko. Ozna\u010dte otvor a vyre\u017ete ho vrt\u00e1kom, potom ho br\u00faste, k\u00fdm nebude drevo hladk\u00e9.<\/p>\n\n\n\n<div style=\"height:30px\" aria-hidden=\"true\" class=\"wp-block-spacer\"><\/div>\n\n\n\n<figure class=\"wp-block-image size-full\"><img loading=\"lazy\" decoding=\"async\" width=\"750\" height=\"500\" src=\"https:\/\/www.belinka.com\/wp-content\/uploads\/2023\/03\/19_Easter-Bunny_750x500_5.jpg\" alt=\"\" class=\"wp-image-52215\" srcset=\"https:\/\/www.belinka.com\/wp-content\/uploads\/2023\/03\/19_Easter-Bunny_750x500_5.jpg 750w, https:\/\/www.belinka.com\/wp-content\/uploads\/2023\/03\/19_Easter-Bunny_750x500_5-300x200.jpg 300w\" sizes=\"auto, (max-width: 750px) 100vw, 750px\" \/><\/figure>\n\n\n\n<div style=\"height:30px\" aria-hidden=\"true\" class=\"wp-block-spacer\"><\/div>\n\n\n\n<p>Ak uprednost\u0148ujete prirodzen\u00fa povrchov\u00fa \u00fapravu, naolejujte zaja\u010dika olejom <a href=\"https:\/\/www.belinka.com\/sk\/vyrobky\/belinka-oil-food-contact\/\"><strong>Belinka Oil Food Contact<\/strong><\/a>, ktor\u00fd poskytuje bezfarebn\u00fa impregn\u00e1ciu a je ur\u010den\u00fd na ochranu dreven\u00fdch povrchov pri kontakte s potravinami. Olej vyroben\u00fd z pr\u00edrodn\u00fdch zlo\u017eiek je bezpe\u010dn\u00fd pre \u013eudsk\u00e9 zdravie aj \u017eivotn\u00e9 prostredie. Pre leskl\u00fd povrch m\u00f4\u017eete namiesto toho zvoli\u0165 lak na drevo<strong> <a href=\"https:\/\/www.belinka.com\/sk\/vyrobky\/interier-lak-2\/\">Interier lak<\/a><\/strong>. Je vhodn\u00fd na v\u0161etky druhy dreva, a tie\u017e odoln\u00fd vo\u010di jemn\u00fdm \u010distiacim prostriedkom a dom\u00e1cim \u0161kvrn\u00e1m.<\/p>\n\n\n\n<div style=\"height:30px\" aria-hidden=\"true\" class=\"wp-block-spacer\"><\/div>\n\n\n\n<figure class=\"wp-block-image size-full\"><img loading=\"lazy\" decoding=\"async\" width=\"750\" height=\"500\" src=\"https:\/\/www.belinka.com\/wp-content\/uploads\/2023\/03\/19_Easter-Bunny_750x500_6.jpg\" alt=\"\" class=\"wp-image-52232\" srcset=\"https:\/\/www.belinka.com\/wp-content\/uploads\/2023\/03\/19_Easter-Bunny_750x500_6.jpg 750w, https:\/\/www.belinka.com\/wp-content\/uploads\/2023\/03\/19_Easter-Bunny_750x500_6-300x200.jpg 300w\" sizes=\"auto, (max-width: 750px) 100vw, 750px\" \/><\/figure>\n\n\n\n<div style=\"height:30px\" aria-hidden=\"true\" class=\"wp-block-spacer\"><\/div>\n\n\n\n<p>Ak uprednost\u0148ujete farebnej\u0161\u00ed ve\u013ekono\u010dn\u00fd st\u00f4l, o\u0161etrite zaja\u010dika pomocou moridla na drevo <a href=\"https:\/\/www.belinka.com\/sk\/vyrobky\/interier\/\"><strong>Belinka Interier<\/strong><\/a> na vodnej b\u00e1ze, ktor\u00fd je ur\u010den\u00fd na ochranu dreva v interi\u00e9roch. Laz\u00fara na drevo, ktor\u00e1 chr\u00e1ni a zu\u0161\u013each\u0165uje drevo, je v\u00fdbornou vo\u013ebou na ochranu nen\u00e1ro\u010dn\u00e9ho n\u00e1bytku a pol\u00edc.\u00a0Je k dispoz\u00edcii v deviatich \u0161tandardn\u00fdch odtie\u0148och, ako aj v 76 farebn\u00fdch odtie\u0148och na vzorkovn\u00edku farieb Belinka MIX.<\/p>\n\n\n\n<div style=\"height:30px\" aria-hidden=\"true\" class=\"wp-block-spacer\"><\/div>\n\n\n\n<figure class=\"wp-block-image size-full\"><img loading=\"lazy\" decoding=\"async\" width=\"750\" height=\"500\" src=\"https:\/\/www.belinka.com\/wp-content\/uploads\/2023\/04\/19_Easter-Bunny_750x500_7.png\" alt=\"\" class=\"wp-image-52733\" srcset=\"https:\/\/www.belinka.com\/wp-content\/uploads\/2023\/04\/19_Easter-Bunny_750x500_7.png 750w, https:\/\/www.belinka.com\/wp-content\/uploads\/2023\/04\/19_Easter-Bunny_750x500_7-300x200.png 300w\" sizes=\"auto, (max-width: 750px) 100vw, 750px\" \/><\/figure>\n\n\n\n<div style=\"height:30px\" aria-hidden=\"true\" class=\"wp-block-spacer\"><\/div>\n\n\n\n<div style=\"height:0px\" aria-hidden=\"true\" class=\"wp-block-spacer\"><\/div>\n\n\n\n<p>Ke\u010f u\u017e dreven\u00fd povrch o\u0161etrite, po\u010dkajte, k\u00fdm zaja\u010dik poriadne vyschne. Ak chcete, m\u00f4\u017eete teraz prejs\u0165 na \u010fal\u0161\u00ed krok \u2013 zdobenie zaja\u010dika z odpadov\u00e9ho dreva. Pomocou hor\u00facej lepiacej pi\u0161tole pripevnite stuhu a nakreslite ak\u00e9ko\u013evek detaily, ako s\u00fa o\u010di alebo f\u00fazy. V\u00e1\u013e ve\u013ekono\u010dn\u00fd zaja\u010dik je dokon\u010den\u00fd!<\/p>\n","protected":false},"excerpt":{"rendered":"Pomocou jednoduch\u00e9ho materi\u00e1lu a z\u00e1kladn\u00fdch n\u00e1strojov vytvorte kr\u00e1snu a trv\u00e1cnu ozdobu, ktor\u00e1 vy\u010dar\u00ed \u00fasmev na tv\u00e1rach va\u0161ej rodiny a host\u00ed \u2013 ve\u013ekono\u010dn\u00e9ho zaja\u010dika s ve\u013ekono\u010dn\u00fdm vaj\u00ed\u010dkom z odpadov\u00e9ho dreva. Tento dom\u00e1ci ve\u013ekono\u010dn\u00fd zaja\u010dik o\u017eiv\u00ed v\u00e1\u0161 sviato\u010dn\u00fd jed\u00e1lensk\u00fd st\u00f4l jedine\u010dn\u00fdm a d\u00f4myseln\u00fdm sp\u00f4sobom.","protected":false},"featured_media":52266,"template":"","categories":[],"tags":[],"class_list":["post-52771","reuporabi_sk","type-reuporabi_sk","status-publish","has-post-thumbnail","hentry"],"acf":[],"yoast_head":"<!-- This site is optimized with the Yoast SEO plugin v27.4 - https:\/\/yoast.com\/product\/yoast-seo-wordpress\/ -->\n<title>Vyrobte si ve\u013ekono\u010dn\u00e9ho zaja\u010dika s ve\u013ekono\u010dn\u00fdm vaj\u00ed\u010dkom z odpadov\u00e9ho dreva - Belinka<\/title>\n<meta name=\"robots\" content=\"index, follow, max-snippet:-1, max-image-preview:large, max-video-preview:-1\" \/>\n<link rel=\"canonical\" href=\"https:\/\/www.belinka.com\/sl\/reuporabi_sk\/vyrobte-si-velkonocneho-zajacika-s-velkonocnym-vajickom-z-odpadoveho-dreva\/\" \/>\n<meta property=\"og:locale\" content=\"sk_SK\" \/>\n<meta property=\"og:type\" content=\"article\" \/>\n<meta property=\"og:title\" content=\"Vyrobte si ve\u013ekono\u010dn\u00e9ho zaja\u010dika s ve\u013ekono\u010dn\u00fdm vaj\u00ed\u010dkom z odpadov\u00e9ho dreva\" \/>\n<meta property=\"og:description\" content=\"Vyrobte si ve\u013ekono\u010dn\u00e9ho zaja\u010dika s ve\u013ekono\u010dn\u00fdm vaj\u00ed\u010dkom z odpadov\u00e9ho dreva a o\u0161etrite ho olejom Belinka Oil Food Contact alebo laz\u00farou na drevo Belinka Interier.\" \/>\n<meta property=\"og:url\" content=\"https:\/\/www.belinka.com\/sl\/reuporabi_sk\/vyrobte-si-velkonocneho-zajacika-s-velkonocnym-vajickom-z-odpadoveho-dreva\/\" \/>\n<meta property=\"og:site_name\" content=\"Belinka\" \/>\n<meta property=\"article:publisher\" content=\"https:\/\/www.facebook.com\/belinka.si\/\" \/>\n<meta property=\"article:modified_time\" content=\"2023-04-14T08:23:40+00:00\" \/>\n<meta property=\"og:image\" content=\"https:\/\/www.belinka.com\/wp-content\/uploads\/2023\/03\/19_Easter-Bunny_1200x628_63-psenicno-klasje.jpg\" \/>\n\t<meta property=\"og:image:width\" content=\"1200\" \/>\n\t<meta property=\"og:image:height\" content=\"628\" \/>\n\t<meta property=\"og:image:type\" content=\"image\/jpeg\" \/>\n<meta name=\"twitter:card\" content=\"summary_large_image\" \/>\n<meta name=\"twitter:label1\" content=\"Predpokladan\u00fd \u010das \u010d\u00edtania\" \/>\n\t<meta name=\"twitter:data1\" content=\"4 min\u00faty\" \/>\n<script type=\"application\/ld+json\" class=\"yoast-schema-graph\">{\"@context\":\"https:\\\/\\\/schema.org\",\"@graph\":[{\"@type\":\"WebPage\",\"@id\":\"https:\\\/\\\/www.belinka.com\\\/sl\\\/reuporabi_sk\\\/vyrobte-si-velkonocneho-zajacika-s-velkonocnym-vajickom-z-odpadoveho-dreva\\\/\",\"url\":\"https:\\\/\\\/www.belinka.com\\\/sl\\\/reuporabi_sk\\\/vyrobte-si-velkonocneho-zajacika-s-velkonocnym-vajickom-z-odpadoveho-dreva\\\/\",\"name\":\"Vyrobte si ve\u013ekono\u010dn\u00e9ho zaja\u010dika s ve\u013ekono\u010dn\u00fdm vaj\u00ed\u010dkom z odpadov\u00e9ho dreva - Belinka\",\"isPartOf\":{\"@id\":\"https:\\\/\\\/www.belinka.com\\\/rs\\\/#website\"},\"primaryImageOfPage\":{\"@id\":\"https:\\\/\\\/www.belinka.com\\\/sl\\\/reuporabi_sk\\\/vyrobte-si-velkonocneho-zajacika-s-velkonocnym-vajickom-z-odpadoveho-dreva\\\/#primaryimage\"},\"image\":{\"@id\":\"https:\\\/\\\/www.belinka.com\\\/sl\\\/reuporabi_sk\\\/vyrobte-si-velkonocneho-zajacika-s-velkonocnym-vajickom-z-odpadoveho-dreva\\\/#primaryimage\"},\"thumbnailUrl\":\"https:\\\/\\\/www.belinka.com\\\/wp-content\\\/uploads\\\/2023\\\/03\\\/19_Easter-Bunny_750x500_0.jpg\",\"datePublished\":\"2023-04-14T08:23:24+00:00\",\"dateModified\":\"2023-04-14T08:23:40+00:00\",\"description\":\"Vyrobte si ve\u013ekono\u010dn\u00e9ho zaja\u010dika s ve\u013ekono\u010dn\u00fdm vaj\u00ed\u010dkom z odpadov\u00e9ho dreva a o\u0161etrite ho olejom Belinka Oil Food Contact alebo laz\u00farou na drevo Belinka Interier.\",\"breadcrumb\":{\"@id\":\"https:\\\/\\\/www.belinka.com\\\/sl\\\/reuporabi_sk\\\/vyrobte-si-velkonocneho-zajacika-s-velkonocnym-vajickom-z-odpadoveho-dreva\\\/#breadcrumb\"},\"inLanguage\":\"sk-SK\",\"potentialAction\":[{\"@type\":\"ReadAction\",\"target\":[\"https:\\\/\\\/www.belinka.com\\\/sl\\\/reuporabi_sk\\\/vyrobte-si-velkonocneho-zajacika-s-velkonocnym-vajickom-z-odpadoveho-dreva\\\/\"]}]},{\"@type\":\"ImageObject\",\"inLanguage\":\"sk-SK\",\"@id\":\"https:\\\/\\\/www.belinka.com\\\/sl\\\/reuporabi_sk\\\/vyrobte-si-velkonocneho-zajacika-s-velkonocnym-vajickom-z-odpadoveho-dreva\\\/#primaryimage\",\"url\":\"https:\\\/\\\/www.belinka.com\\\/wp-content\\\/uploads\\\/2023\\\/03\\\/19_Easter-Bunny_750x500_0.jpg\",\"contentUrl\":\"https:\\\/\\\/www.belinka.com\\\/wp-content\\\/uploads\\\/2023\\\/03\\\/19_Easter-Bunny_750x500_0.jpg\",\"width\":750,\"height\":500},{\"@type\":\"BreadcrumbList\",\"@id\":\"https:\\\/\\\/www.belinka.com\\\/sl\\\/reuporabi_sk\\\/vyrobte-si-velkonocneho-zajacika-s-velkonocnym-vajickom-z-odpadoveho-dreva\\\/#breadcrumb\",\"itemListElement\":[{\"@type\":\"ListItem\",\"position\":1,\"name\":\"\u0413\u043b\u0430\u0432\u043d\u0430\u044f \u0441\u0442\u0440\u0430\u043d\u0438\u0446\u0430\",\"item\":\"https:\\\/\\\/www.belinka.com\\\/rs\\\/\"},{\"@type\":\"ListItem\",\"position\":2,\"name\":\"ReUporabi SK\",\"item\":\"https:\\\/\\\/www.belinka.com\\\/rs\\\/reuporabi_sk\\\/\"},{\"@type\":\"ListItem\",\"position\":3,\"name\":\"Vyrobte si ve\u013ekono\u010dn\u00e9ho zaja\u010dika s ve\u013ekono\u010dn\u00fdm vaj\u00ed\u010dkom z odpadov\u00e9ho dreva\"}]},{\"@type\":\"WebSite\",\"@id\":\"https:\\\/\\\/www.belinka.com\\\/rs\\\/#website\",\"url\":\"https:\\\/\\\/www.belinka.com\\\/rs\\\/\",\"name\":\"Belinka\",\"description\":\"V\u0161etko pre drevo\",\"publisher\":{\"@id\":\"https:\\\/\\\/www.belinka.com\\\/rs\\\/#organization\"},\"potentialAction\":[{\"@type\":\"SearchAction\",\"target\":{\"@type\":\"EntryPoint\",\"urlTemplate\":\"https:\\\/\\\/www.belinka.com\\\/rs\\\/?s={search_term_string}\"},\"query-input\":{\"@type\":\"PropertyValueSpecification\",\"valueRequired\":true,\"valueName\":\"search_term_string\"}}],\"inLanguage\":\"sk-SK\"},{\"@type\":\"Organization\",\"@id\":\"https:\\\/\\\/www.belinka.com\\\/rs\\\/#organization\",\"name\":\"Belinka\",\"url\":\"https:\\\/\\\/www.belinka.com\\\/rs\\\/\",\"logo\":{\"@type\":\"ImageObject\",\"inLanguage\":\"sk-SK\",\"@id\":\"https:\\\/\\\/www.belinka.com\\\/rs\\\/#\\\/schema\\\/logo\\\/image\\\/\",\"url\":\"https:\\\/\\\/www.belinka.com\\\/wp-content\\\/uploads\\\/2021\\\/05\\\/belinka_logo-e1620721483986.png\",\"contentUrl\":\"https:\\\/\\\/www.belinka.com\\\/wp-content\\\/uploads\\\/2021\\\/05\\\/belinka_logo-e1620721483986.png\",\"width\":200,\"height\":200,\"caption\":\"Belinka\"},\"image\":{\"@id\":\"https:\\\/\\\/www.belinka.com\\\/rs\\\/#\\\/schema\\\/logo\\\/image\\\/\"},\"sameAs\":[\"https:\\\/\\\/www.facebook.com\\\/belinka.si\\\/\"]}]}<\/script>\n<!-- \/ Yoast SEO plugin. -->","yoast_head_json":{"title":"Vyrobte si ve\u013ekono\u010dn\u00e9ho zaja\u010dika s ve\u013ekono\u010dn\u00fdm vaj\u00ed\u010dkom z odpadov\u00e9ho dreva - Belinka","robots":{"index":"index","follow":"follow","max-snippet":"max-snippet:-1","max-image-preview":"max-image-preview:large","max-video-preview":"max-video-preview:-1"},"canonical":"https:\/\/www.belinka.com\/sl\/reuporabi_sk\/vyrobte-si-velkonocneho-zajacika-s-velkonocnym-vajickom-z-odpadoveho-dreva\/","og_locale":"sk_SK","og_type":"article","og_title":"Vyrobte si ve\u013ekono\u010dn\u00e9ho zaja\u010dika s ve\u013ekono\u010dn\u00fdm vaj\u00ed\u010dkom z odpadov\u00e9ho dreva","og_description":"Vyrobte si ve\u013ekono\u010dn\u00e9ho zaja\u010dika s ve\u013ekono\u010dn\u00fdm vaj\u00ed\u010dkom z odpadov\u00e9ho dreva a o\u0161etrite ho olejom Belinka Oil Food Contact alebo laz\u00farou na drevo Belinka Interier.","og_url":"https:\/\/www.belinka.com\/sl\/reuporabi_sk\/vyrobte-si-velkonocneho-zajacika-s-velkonocnym-vajickom-z-odpadoveho-dreva\/","og_site_name":"Belinka","article_publisher":"https:\/\/www.facebook.com\/belinka.si\/","article_modified_time":"2023-04-14T08:23:40+00:00","og_image":[{"width":1200,"height":628,"url":"https:\/\/www.belinka.com\/wp-content\/uploads\/2023\/03\/19_Easter-Bunny_1200x628_63-psenicno-klasje.jpg","type":"image\/jpeg"}],"twitter_card":"summary_large_image","twitter_misc":{"Predpokladan\u00fd \u010das \u010d\u00edtania":"4 min\u00faty"},"schema":{"@context":"https:\/\/schema.org","@graph":[{"@type":"WebPage","@id":"https:\/\/www.belinka.com\/sl\/reuporabi_sk\/vyrobte-si-velkonocneho-zajacika-s-velkonocnym-vajickom-z-odpadoveho-dreva\/","url":"https:\/\/www.belinka.com\/sl\/reuporabi_sk\/vyrobte-si-velkonocneho-zajacika-s-velkonocnym-vajickom-z-odpadoveho-dreva\/","name":"Vyrobte si ve\u013ekono\u010dn\u00e9ho zaja\u010dika s ve\u013ekono\u010dn\u00fdm vaj\u00ed\u010dkom z odpadov\u00e9ho dreva - Belinka","isPartOf":{"@id":"https:\/\/www.belinka.com\/rs\/#website"},"primaryImageOfPage":{"@id":"https:\/\/www.belinka.com\/sl\/reuporabi_sk\/vyrobte-si-velkonocneho-zajacika-s-velkonocnym-vajickom-z-odpadoveho-dreva\/#primaryimage"},"image":{"@id":"https:\/\/www.belinka.com\/sl\/reuporabi_sk\/vyrobte-si-velkonocneho-zajacika-s-velkonocnym-vajickom-z-odpadoveho-dreva\/#primaryimage"},"thumbnailUrl":"https:\/\/www.belinka.com\/wp-content\/uploads\/2023\/03\/19_Easter-Bunny_750x500_0.jpg","datePublished":"2023-04-14T08:23:24+00:00","dateModified":"2023-04-14T08:23:40+00:00","description":"Vyrobte si ve\u013ekono\u010dn\u00e9ho zaja\u010dika s ve\u013ekono\u010dn\u00fdm vaj\u00ed\u010dkom z odpadov\u00e9ho dreva a o\u0161etrite ho olejom Belinka Oil Food Contact alebo laz\u00farou na drevo Belinka Interier.","breadcrumb":{"@id":"https:\/\/www.belinka.com\/sl\/reuporabi_sk\/vyrobte-si-velkonocneho-zajacika-s-velkonocnym-vajickom-z-odpadoveho-dreva\/#breadcrumb"},"inLanguage":"sk-SK","potentialAction":[{"@type":"ReadAction","target":["https:\/\/www.belinka.com\/sl\/reuporabi_sk\/vyrobte-si-velkonocneho-zajacika-s-velkonocnym-vajickom-z-odpadoveho-dreva\/"]}]},{"@type":"ImageObject","inLanguage":"sk-SK","@id":"https:\/\/www.belinka.com\/sl\/reuporabi_sk\/vyrobte-si-velkonocneho-zajacika-s-velkonocnym-vajickom-z-odpadoveho-dreva\/#primaryimage","url":"https:\/\/www.belinka.com\/wp-content\/uploads\/2023\/03\/19_Easter-Bunny_750x500_0.jpg","contentUrl":"https:\/\/www.belinka.com\/wp-content\/uploads\/2023\/03\/19_Easter-Bunny_750x500_0.jpg","width":750,"height":500},{"@type":"BreadcrumbList","@id":"https:\/\/www.belinka.com\/sl\/reuporabi_sk\/vyrobte-si-velkonocneho-zajacika-s-velkonocnym-vajickom-z-odpadoveho-dreva\/#breadcrumb","itemListElement":[{"@type":"ListItem","position":1,"name":"\u0413\u043b\u0430\u0432\u043d\u0430\u044f \u0441\u0442\u0440\u0430\u043d\u0438\u0446\u0430","item":"https:\/\/www.belinka.com\/rs\/"},{"@type":"ListItem","position":2,"name":"ReUporabi SK","item":"https:\/\/www.belinka.com\/rs\/reuporabi_sk\/"},{"@type":"ListItem","position":3,"name":"Vyrobte si ve\u013ekono\u010dn\u00e9ho zaja\u010dika s ve\u013ekono\u010dn\u00fdm vaj\u00ed\u010dkom z odpadov\u00e9ho dreva"}]},{"@type":"WebSite","@id":"https:\/\/www.belinka.com\/rs\/#website","url":"https:\/\/www.belinka.com\/rs\/","name":"Belinka","description":"V\u0161etko pre drevo","publisher":{"@id":"https:\/\/www.belinka.com\/rs\/#organization"},"potentialAction":[{"@type":"SearchAction","target":{"@type":"EntryPoint","urlTemplate":"https:\/\/www.belinka.com\/rs\/?s={search_term_string}"},"query-input":{"@type":"PropertyValueSpecification","valueRequired":true,"valueName":"search_term_string"}}],"inLanguage":"sk-SK"},{"@type":"Organization","@id":"https:\/\/www.belinka.com\/rs\/#organization","name":"Belinka","url":"https:\/\/www.belinka.com\/rs\/","logo":{"@type":"ImageObject","inLanguage":"sk-SK","@id":"https:\/\/www.belinka.com\/rs\/#\/schema\/logo\/image\/","url":"https:\/\/www.belinka.com\/wp-content\/uploads\/2021\/05\/belinka_logo-e1620721483986.png","contentUrl":"https:\/\/www.belinka.com\/wp-content\/uploads\/2021\/05\/belinka_logo-e1620721483986.png","width":200,"height":200,"caption":"Belinka"},"image":{"@id":"https:\/\/www.belinka.com\/rs\/#\/schema\/logo\/image\/"},"sameAs":["https:\/\/www.facebook.com\/belinka.si\/"]}]}},"taxonomy_info":[],"featured_image_src_large":["https:\/\/www.belinka.com\/wp-content\/uploads\/2023\/03\/19_Easter-Bunny_750x500_0.jpg",750,500,false],"author_info":[],"comment_info":"","_links":{"self":[{"href":"https:\/\/www.belinka.com\/sk\/wp-json\/wp\/v2\/reuporabi_sk\/52771","targetHints":{"allow":["GET"]}}],"collection":[{"href":"https:\/\/www.belinka.com\/sk\/wp-json\/wp\/v2\/reuporabi_sk"}],"about":[{"href":"https:\/\/www.belinka.com\/sk\/wp-json\/wp\/v2\/types\/reuporabi_sk"}],"wp:featuredmedia":[{"embeddable":true,"href":"https:\/\/www.belinka.com\/sk\/wp-json\/wp\/v2\/media\/52266"}],"wp:attachment":[{"href":"https:\/\/www.belinka.com\/sk\/wp-json\/wp\/v2\/media?parent=52771"}],"wp:term":[{"taxonomy":"category","embeddable":true,"href":"https:\/\/www.belinka.com\/sk\/wp-json\/wp\/v2\/categories?post=52771"},{"taxonomy":"post_tag","embeddable":true,"href":"https:\/\/www.belinka.com\/sk\/wp-json\/wp\/v2\/tags?post=52771"}],"curies":[{"name":"wp","href":"https:\/\/api.w.org\/{rel}","templated":true}]}}